{"id":4047,"date":"2025-10-07T14:19:43","date_gmt":"2025-10-07T12:19:43","guid":{"rendered":"https:\/\/vilawatt.cat\/?page_id=4047"},"modified":"2025-11-07T13:03:51","modified_gmt":"2025-11-07T12:03:51","slug":"congreso25","status":"publish","type":"page","link":"https:\/\/vilawatt.cat\/es\/congreso25\/","title":{"rendered":"3er Congreso Nacional de Transici\u00f3n Energ\u00e9tica y Ciudadana Vilawatt"},"content":{"rendered":"\n\n\t<h1>3er Congreso Nacional de Transici\u00f3n Energ\u00e9tica y Ciudadana Vilawatt<\/h1>\n\t<h2>YA PUEDES VER C\u00d3MO HEMOS INSPIRADO LA TRANSFORMACI\u00d3N RENOVABLE Y COMUNITARIA DEL MODELO ENERG\u00c9TICO<\/h2>\n<p>Hemos vivido la tercera edici\u00f3n del Congreso Vilawatt, un <b>encuentro anual para conocer innovaciones, establecer estrategias y crear respuestas factibles a los retos que plantea la agenda energ\u00e9tica global<\/b>\u00a0para una transici\u00f3n activa y socialmente justa.Vilawatt, el motor del cambio energ\u00e9tico del Ayuntamiento de Viladecans, abre cada a\u00f1o este espacio de reflexi\u00f3n y conocimiento con personas expertas para extender el compromiso local adquirido durante casi una d\u00e9cada. \u00a1Sumemos fuerzas por el cambio con los municipios y la ciudadan\u00eda como motores!<\/p>\n\t<h3>ELECTRIFICAR CONSUMOS PARA DESCARBONIZAR: EL CAMINO HACIA UN FUTURO 100% RENOVABLE<\/h3>\n<p>MI\u00c9RCOLES, 22 DE OCTUBRE DE 2025 | CENTRO CAN CALDER\u00d3N. VILADECANS<\/p>\n\tLa electrificaci\u00f3n es un eje estrat\u00e9gico para avanzar en la descarbonizaci\u00f3n de la econom\u00eda y reforzar la competitividad del sistema productivo. Su desarrollo permitir\u00e1 reducir la dependencia de los combustibles f\u00f3siles, que todav\u00eda representan el 64,5% del consumo final en Espa\u00f1a, frente al 24,8% de la electricidad. Por tanto, impulsar la electrificaci\u00f3n es una\u00a0<b>oportunidad para modernizar la econom\u00eda y avanzar hacia la autosuficiencia energ\u00e9tica.<\/b>\nEl 3r Congreso Vilawatt pone sobre la mesa estos desaf\u00edos <strong>desde una mirada t\u00e9cnica, institucional y estrat\u00e9gica<\/strong>. Por una parte, aborda la situaci\u00f3n actual a partir de los datos, clave para comprender y planificar el futuro. Adem\u00e1s, muestra iniciativas que son ejemplos para acelerar la masiva electrificaci\u00f3n de sectores clave.<br \/>\nAsimismo, reivindica el papel de los municipios en la electrificaci\u00f3n para acelerar el cambio energ\u00e9tico.\n\t\t\t\t<img decoding=\"async\" src=\"https:\/\/vilawatt.cat\/wp-content\/uploads\/2025\/10\/green-light-bulb-and-ecology-environment-cityscape.jpg\" alt=\"green light bulb and ecology environment cityscape. World  sustainable development. Vector illustration in flat design. isolated on white background. Clean and natural energy.\" itemprop=\"image\" height=\"4000\" width=\"5000\" title=\"green light bulb and ecology environment cityscape\" onerror=\"this.style.display='none'\"  \/>\n\t<h2><strong>AS\u00cd FUE EL CONGRESO<br \/>\n<\/strong><\/h2>\n\t\t\t<h3> Inauguraci\u00f3n de la jornada<\/h3> <p><strong>&#8216;BIENVENIDA INSTITUCIONAL Y DI\u00c1LOGO: CONECTANDO VOLUNTADES PARA LA TRANSICI\u00d3N ENERG\u00c9TICA&#8217;. Con JORDI MAZ\u00d3N, teniente de alcalde del Ayuntamiento de Viladecans; MARTA MORERA, directora general de Energ\u00eda de la Generalitat de Catalunya; SERGI FUSTER, secretario del Club de Empresarios de Viladecans, y CRISTINA RODR\u00cdGUEZ, secretaria de Transiciones Justas y Territorio de CCOO Catalunya.<\/strong>Maz\u00f3n destaca que la lucha contra el cambio clim\u00e1tico es el reto m\u00e1s ambicioso que tenemos como sociedad porque \u00e9ste ampliar\u00e1 las desigualdades sociales. Morera reconoce que la transici\u00f3n energ\u00e9tica va tarde, pero dice que no es un tiempo perdido porque ha permitido tener m\u00e1s claro el camino a recorrer. Fuster destaca la importancia de la colaboraci\u00f3n p\u00fablico-privada para acelerar los cambios necesarios y Rodr\u00edguez pide ver el reto como oportunidad para crear puestos de trabajo con valor a\u00f1adido.<a href=\"https:\/\/www.youtube.com\/watch?v=JRDZQ7ijIg0\" class=\"wm-button color-warning size-medium button\" target=\"blank\"><span class=\"icon-ion-social-youtube\" aria-hidden=\"true\"> <\/span>VER BIENVENIDA<\/a><\/p>\t\t\n\t\t\t<h3> Panorama actual<\/h3> <p><strong>&#8216;LA ELECTRIFICACI\u00d3N EN ESPA\u00d1A: AHORROS Y DESCARBONIZACI\u00d3N&#8217;. Con\u00a0<\/strong><br \/><strong>JAVIER ALBERTO MU\u00d1OZ, de APPA (Associaci\u00f3n de Empresss d&#8217;Energ\u00edas Renovables).<\/strong>Mu\u00f1oz pone el foco en la electrificaci\u00f3n del transporte como la medida m\u00e1s importante para reducir las emisiones de forma dr\u00e1stica.<a href=\"https:\/\/vilawatt.cat\/wp-content\/uploads\/2025\/11\/1-DEF_APPA-RENOVABLES-JAVIER-MUNOZ-oct25.pdf\" class=\"wm-button color-warning size-medium button\" target=\"blank\"><span class=\"icon-ion-document-text\" aria-hidden=\"true\"> <\/span>DOCUMENTO DE PRESENTACI\u00d3N<\/a> <a href=\"https:\/\/www.youtube.com\/watch?v=G35xXnb8UlI\" class=\"wm-button color-warning size-medium button\" target=\"blank\"><span class=\"icon-ion-social-youtube\" aria-hidden=\"true\"> <\/span>VER PRESENTACI\u00d3N<\/a><strong>&#8216;LAS REDES EL\u00c9CTRICAS PARA UN FUTURO 100% RENOVABLE&#8217;. Con \u00a0TRINIDAD SALA, Delegada Regional Nordeste en Redeia<\/strong>Sala\u00a0reconeix\u00a0que cal\u00a0millorar\u00a0les\u00a0xarxes\u00a0per impulsar\u00a0l&#8217;electrificaci\u00f3\u00a0i apunta que la\u00a0transformaci\u00f3\u00a0digital ha de ser una de les\u00a0claus\u00a0de la\u00a0transformaci\u00f3\u00a0energ\u00e8tica.<a href=\"https:\/\/youtu.be\/G35xXnb8UlI?si=KDoYRoZNApr49bln&#038;t=1767\" class=\"wm-button color-warning size-medium button\" target=\"blank\"><span class=\"icon-ion-social-youtube\" aria-hidden=\"true\"> <\/span>VER PONENCIA<\/a><\/p>\t\t\n\t\t\t<h3> Sistemas y tecnolog\u00edas para la electrificaci\u00f3n y la eficiencia<\/h3> <p><strong>&#8216;ALMACENAMIENTO EN UNA COMUNIDAD ENERG\u00c9TICA, EL CASO DEL SANDBOX DEL PRAT&#8217;. Con ORIOL FARR\u00c9, de l&#8217;Energia del Prat.<\/strong>Farr\u00e9 pone en valor los proyectos de innovaci\u00f3n local como una oportunidad para trasladar iniciativas pioneras a mayor escala a partir de la experiencia adquirida.<a href=\"https:\/\/vilawatt.cat\/wp-content\/uploads\/2025\/11\/2-Presentacio-EdP_-3r-Congres-Vilawatt.pdf\" class=\"wm-button color-warning size-medium button\" target=\"blank\"><span class=\"icon-ion-document-text\" aria-hidden=\"true\"> <\/span>DOCUMENTO DE PRESENTACI\u00d3N<\/a> <a href=\"https:\/\/www.youtube.com\/watch?v=z3fr5Aq9cik\" class=\"wm-button color-warning size-medium button\" target=\"blank\"><span class=\"icon-ion-social-youtube\" aria-hidden=\"true\"> <\/span>VER PRESENTACI\u00d3N<\/a><strong>&#8216;REDES DE CALOR Y FR\u00cdO URBANO, EL CASO DE BARCELONA. Con<\/strong> <strong>CRISTINA CASTELLS, Directora de Energ\u00eda y Calidad Ambiental del Ajuntament de Barcelona.<\/strong>Castells asegura que la cultura del mantenimiento y la rehabilitaci\u00f3n es clave para crear ciudades mucho m\u00e1s sostenibles.<a href=\"https:\/\/vilawatt.cat\/wp-content\/uploads\/2025\/11\/3-Redes-de-calor-y-frio-Barcelona-vilawatt-Aj.-BCN.pdf\" class=\"wm-button color-warning size-medium button\" target=\"blank\"><span class=\"icon-ion-document-text\" aria-hidden=\"true\"> <\/span>DOCUMENTO DE PRESENTACI\u00d3N<\/a> <a href=\"https:\/\/www.youtube.com\/watch?v=j9lXvIHFdEo\" class=\"wm-button color-warning size-medium button\" target=\"blank\"><span class=\"icon-ion-social-youtube\" aria-hidden=\"true\"> <\/span>VER PRESENTACI\u00d3N<\/a><strong>&#8216;NUEVAS TECNOLOG\u00cdAS PARA LA ELECTRIFICACI\u00d3N MASIVA&#8217;. Con\u00a0<\/strong><br \/><strong>XAVIER BARRERA, de la OFICINA ZERO de la patronal comarcal AEBALL .<\/strong>Barrera apunta que la apuesta por la transici\u00f3n energ\u00e9tica forma ya parte del modelo competitivo de las empresas porque el ROI ya no se mide tan s\u00f3lo en ganancias econ\u00f3micas.<a href=\"https:\/\/vilawatt.cat\/wp-content\/uploads\/2025\/11\/4-VilaWatt-Xavier-Barrera-Tres-Palancas-Electrificacion-Industrial-v.01.pdf\" class=\"wm-button color-warning size-medium button\" target=\"blank\"><span class=\"icon-ion-document-text\" aria-hidden=\"true\"> <\/span>DOCUMENTO DE PRESENTACI\u00d3N<\/a> <a href=\"https:\/\/www.youtube.com\/watch?v=3wtps6eOz6k\" class=\"wm-button color-warning size-medium button\" target=\"blank\"><span class=\"icon-ion-social-youtube\" aria-hidden=\"true\"> <\/span>VER PRESENTACI\u00d3N<\/a><strong>&#8216;ELECTRIFICACI\u00d3N INDUSTRIAL, EL CASO DE LA MULTINACIONAL ROCA&#8217;. <\/strong><strong>Con CARLOS VEL\u00c1ZQUEZ, Director de Sostenibilidad de Roca Group.<\/strong>Vel\u00e1zquez ejemplifica c\u00f3mo las empresas pueden realizar cambios importantes si conocen los beneficios de hacerlo y reclama que la administraci\u00f3n ponga m\u00e1s esfuerzos en ayudar a que esto sea una realidad porque, dice, ya no es tiempo de palabras sino de actuar.<a href=\"https:\/\/vilawatt.cat\/wp-content\/uploads\/2025\/11\/5-Roca-Group-Sustainability-on-Progress.pdf\" class=\"wm-button color-warning size-medium button\" target=\"blank\"><span class=\"icon-ion-document-text\" aria-hidden=\"true\"> <\/span>DOCUMENTO DE PRESENTACI\u00d3N<\/a> <a href=\"https:\/\/www.youtube.com\/watch?v=ZEU0LE2h-0k\" class=\"wm-button color-warning size-medium button\" target=\"blank\"><span class=\"icon-ion-social-youtube\" aria-hidden=\"true\"> <\/span>VER PRESENTACI\u00d3N<\/a><strong>&#8216;GRANDES HUBS DE MOBILIDAD EL\u00c9CTRICA&#8217;. Con DAVID GUERRERO, jefe de la Oficina de Transici\u00f3n Energ\u00e9tica del \u00c0rea Metropolitana de Barcelona.<\/strong><a href=\"https:\/\/vilawatt.cat\/wp-content\/uploads\/2025\/11\/6-AMB-3r-Congreso-Vilawatt_AMB.pdf\" class=\"wm-button color-warning size-medium button\" target=\"blank\"><span class=\"icon-ion-document-text\" aria-hidden=\"true\"> <\/span>DOCUMENTO DE PRESENTACI\u00d3N<\/a> <a href=\"https:\/\/www.youtube.com\/watch?v=IPHaCRSEez0\" class=\"wm-button color-warning size-medium button\" target=\"blank\"><span class=\"icon-ion-social-youtube\" aria-hidden=\"true\"> <\/span>VER PRESENTACI\u00d3N<\/a><\/p>\t\t\n\t\t\t<h3> La electrificaci\u00f3n desde el mundo local<\/h3> <p><strong>&#8216;IMPULSO DE LA ELECTRIFICACI\u00d3N DESDE LOS MUNICIPIOS: EL ELECTROBSERVATORIO&#8217;. Con PILAR L\u00d3PEZ, del Foro para la Electrificaci\u00f3n.<\/strong>L\u00f3pez destaca que gran parte de los veh\u00edculos de los medios rurales tienen ahora m\u00e1s de quince a\u00f1os y existe en este \u00e1mbito una gran oportunidad para impulsar la electrificaci\u00f3n, para lo que es necesario informar bien y concienciae a la ciudadan\u00eda.<a href=\"https:\/\/vilawatt.cat\/wp-content\/uploads\/2025\/11\/7-20251022_INTERVENCIO_N-PILAR-LOPEZ-Autoguardado.pdf\" class=\"wm-button color-warning size-medium button\" target=\"blank\"><span class=\"icon-ion-document-text\" aria-hidden=\"true\"> <\/span>DOCUMENTO DE PRESENTACI\u00d3N<\/a> <a href=\"https:\/\/www.youtube.com\/watch?v=AWFz-c-1RB4\" class=\"wm-button color-warning size-medium button\" target=\"blank\"><span class=\"icon-ion-social-youtube\" aria-hidden=\"true\"> <\/span>VER PRESENTACI\u00d3N<\/a><strong>&#8216;COMPROMISO LOCAL, HOJA DE RUTA LOCAL DE DESCARBONIZACI\u00d3N, EL CASO DE VILADECANS&#8217;. Con MARINA FEITO, de Vilawatt.\u00a0<\/strong>Feito explica las claves del plan ya en marcha para reducir un 68% las emisiones municipales respecto al a\u00f1o 2005 y llegar al 80% con medidas de compensaci\u00f3n, con el objetivo de que Viladecans sea una ciudad neutra clim\u00e1ticamente la pr\u00f3xima d\u00e9cada.<a href=\"https:\/\/vilawatt.cat\/wp-content\/uploads\/2025\/11\/8-Vilawatt_Full_de_ruta_Aj_Viladecans-versio-final.pdf\" class=\"wm-button color-warning size-medium button\" target=\"blank\"><span class=\"icon-ion-document-text\" aria-hidden=\"true\"> <\/span>DOCUMENTO DE PRESENTACI\u00d3N<\/a> <a href=\"https:\/\/www.youtube.com\/watch?v=ykdTM5CE034\" class=\"wm-button color-warning size-medium button\" target=\"blank\"><span class=\"icon-ion-social-youtube\" aria-hidden=\"true\"> <\/span>VER PRESENTACI\u00d3N<\/a><strong>&#8216;PRESENTACI\u00d3N DECLARACI\u00d3N VILAWATT POR LA ELECTRIFICACI\u00d3N DE LOS MUNICIPIOS Y CONCLUSIONES DE LA JORNADA&#8217;. Con JORDI MAZ\u00d3N, teniente de alcald\u00eda del Ayuntamiento de Viladecans.<\/strong>Maz\u00f3n enumera las nueve medidas de la Declaraci\u00f3n Vilawatt que permitir\u00edan acelerar una electrificaci\u00f3n justa, efectiva y centrada en las personas, con el objetivo de reducir emisiones, garantizar el acceso a energ\u00eda renovable y reforzar la autonom\u00eda energ\u00e9tica del pa\u00eds.<a href=\"https:\/\/vilawatt.cat\/es\/actualidad\/declaracion\" class=\"wm-button color-warning size-medium button\" target=\"blank\"><span class=\"icon-ion-document-text\" aria-hidden=\"true\"> <\/span>DOCUMENTO DE PRESENTACI\u00d3N<\/a> <a href=\"https:\/\/www.youtube.com\/watch?v=5KYPlz3jKeU\" class=\"wm-button color-warning size-medium button\" target=\"blank\"><span class=\"icon-ion-social-youtube\" aria-hidden=\"true\"> <\/span>VER PRESENTACI\u00d3N<\/a><\/p>\t\t\n\t\t\t<h3> La descarbonizaci\u00f3n en manos ciudadanas<\/h3> <p><strong>&#8216;SIN LA EFICIENCIA NO HABR\u00c1 TRANSICI\u00d3N ENERG\u00c9TICA&#8217;. Con MANEL RIVERO, divulgador en eficiencia energ\u00e9tica<\/strong>.Rivero apunta que es prioritario a la sociedad actual que la ciudadan\u00eda est\u00e9 bien formada sobre energ\u00eda, porque gastar menos es clave para tener futuro, y puede aplicarse en muchos aspectos de nuestro d\u00eda a d\u00eda con peque\u00f1os cambios de h\u00e1bitos que lejos de rompernos la cabeza nos har\u00e1n sentir que contribuimos a mejorar el lugar donde vivimos y el futuro de nuestras familias y amistades.<a href=\"https:\/\/vilawatt.cat\/wp-content\/uploads\/2025\/11\/10-Xerrada-Sense-Eficiencia-no-hi-haura-eficiencia-energetica-3r-Congreso-Vilawatt.pdf\" class=\"wm-button color-warning size-medium button\" target=\"blank\"><span class=\"icon-ion-document-text\" aria-hidden=\"true\"> <\/span>DOCUMENTO DE PRESENTACI\u00d3N<\/a> <a href=\"https:\/\/www.youtube.com\/watch?v=TJSIrsn1kIw\" class=\"wm-button color-warning size-medium button\" target=\"blank\"><span class=\"icon-ion-social-youtube\" aria-hidden=\"true\"> <\/span>VER PRESENTACI\u00d3N<\/a><\/p>\t\t\n\t<h2><strong>EL 3er CONGRESO, EN IM\u00c1GENES<\/strong><\/h2>\n\t<h2><strong>PONENTES<br \/>\n<\/strong><\/h2>\n\t\t\t\t<img decoding=\"async\" src=\"https:\/\/vilawatt.cat\/wp-content\/uploads\/2025\/10\/Javier-Alberto-Munoz_APPA-1.jpg\" alt=\"Javier Alberto Mu\u00f1oz_APPA\" itemprop=\"image\" height=\"1307\" width=\"1307\" title=\"Javier Alberto Mu\u00f1oz_APPA\" onerror=\"this.style.display='none'\"  \/>\n<div class=\"wm-accordion clearfix\" data-active=\"0\" data-mode=\"accordion\">\r\n<div class=\"wm-item wm-item-wrap\"><h3 class=\"wm-item-title\" data-tags=\"\" data-tag-names=\"\">JAVIER ALBERTO MU\u00d1OZ<\/h3><div class=\"wm-item-content clearfix JAVIERALBERTOMUOZ\"><p><strong>Director de Comunicaci\u00f3n y Relaciones Institucionales de APPA<\/strong>F\u00edsico y comunicador con m\u00e1s 20 a\u00f1os entre tecnolog\u00eda y energ\u00eda. Desde 2017 lidera la Comunicaci\u00f3n y las Relaciones Institucionales en APPA Renovables, la asociaci\u00f3n de Empresas de Energ\u00edas Renovables, impulsando la visibilidad del sector y el avance de la transici\u00f3n energ\u00e9tica mediante estrategia, contenidos, medios y eventos.Alinear estrategia, reputaci\u00f3n e influencia en energ\u00edas renovables define su etapa actual.<a href=\"https:\/\/www.linkedin.com\/in\/javieralbertomunozgonzalez\/\" target=\"_blank\" rel=\"noopener\">Perfil a LinkedIN<\/a><\/p>\n<\/div><\/div>\r\n<\/div>\n\t\t\t\t<img decoding=\"async\" src=\"https:\/\/vilawatt.cat\/wp-content\/uploads\/2025\/10\/Trinidad-Sala-Acosta-1_REDEIA-1.jpg\" alt=\"Trinidad Sala Acosta 1_REDEIA\" itemprop=\"image\" height=\"4160\" width=\"4160\" title=\"Trinidad Sala Acosta 1_REDEIA\" onerror=\"this.style.display='none'\"  \/>\n<div class=\"wm-accordion clearfix\" data-active=\"0\" data-mode=\"accordion\">\r\n<div class=\"wm-item wm-item-wrap\"><h3 class=\"wm-item-title\" data-tags=\"\" data-tag-names=\"\">TRINIDAD SALA<\/h3><div class=\"wm-item-content clearfix TRINIDADSALA\"><p><strong>Delegada Regional Nordeste<br \/><\/strong><strong>Direcci\u00f3n Corporativa de Relaciones Institucionales de Redeia<\/strong>Trinidad Sala es la Delegada Regional Nordeste dentro de la Direcci\u00f3n Corporativa de Relaciones Institucionales de Redeia, cargo que desempe\u00f1a desde septiembre de 2024. Con una trayectoria de m\u00e1s de quince a\u00f1os en el sector energ\u00e9tico, ha ocupado previamente posiciones como T\u00e9cnico de Gesti\u00f3n de Proyectos (2021-2024) y T\u00e9cnico de Medio Ambiente en Red El\u00e9ctrica de Espa\u00f1a (2009-2021).<a href=\"https:\/\/www.linkedin.com\/in\/trinidad-sala-acosta-54609193\/\" target=\"_blank\" rel=\"noopener\">Perfil en LinkedIN<\/a><\/p>\n<\/div><\/div>\r\n<\/div>\n\t\t\t\t<img decoding=\"async\" src=\"https:\/\/vilawatt.cat\/wp-content\/uploads\/2025\/10\/oriol-farre-retocada-1.jpg\" alt=\"oriol farre retocada\" itemprop=\"image\" height=\"1536\" width=\"1536\" title=\"oriol farre retocada\" onerror=\"this.style.display='none'\"  \/>\n<div class=\"wm-accordion clearfix\" data-active=\"0\" data-mode=\"accordion\">\r\n<div class=\"wm-item wm-item-wrap\"><h3 class=\"wm-item-title\" data-tags=\"\" data-tag-names=\"\">ORIOL FARR\u00c9<\/h3><div class=\"wm-item-content clearfix ORIOLFARR\"><p><strong>Director T\u00e9cnico de Proyectos en l\u00b4Energia del Prat<\/strong>Forma parte desde mayo de 2025 del equipo de La Energ\u00eda del Prat, donde desarrolla su labor como t\u00e9cnico de la Comunidad Energ\u00e9tica de El Prat y del proyecto piloto SandBox de almacenamiento compartido distribuido. Con una trayectoria orientada a la transici\u00f3n energ\u00e9tica desde el \u00e1mbito local, anteriormente fue coordinador del Departamento de Transici\u00f3n Energ\u00e9tica en Grupo Tr\u00e9bol Energ\u00eda.<a href=\"https:\/\/www.linkedin.com\/in\/oriol-farr%C3%A9-0989b31ab\/\" target=\"_blank\" rel=\"noopener\">Perfil en LinkedIN<\/a><\/p>\n<\/div><\/div>\r\n<\/div>\n\t\t\t\t<img decoding=\"async\" src=\"https:\/\/vilawatt.cat\/wp-content\/uploads\/2025\/10\/Cristina-Castells-1.jpg\" alt=\"Cristina-Castells\" itemprop=\"image\" height=\"500\" width=\"500\" title=\"Cristina-Castells\" onerror=\"this.style.display='none'\"  \/>\n<div class=\"wm-accordion clearfix\" data-active=\"0\" data-mode=\"accordion\">\r\n<div class=\"wm-item wm-item-wrap\"><h3 class=\"wm-item-title\" data-tags=\"\" data-tag-names=\"\">CRISTINA CASTELLS<\/h3><div class=\"wm-item-content clearfix CRISTINACASTELLS\"><p><strong>Directora de Energ\u00eda y Calidad Ambiental en el Ayuntamiento de Barcelona<\/strong>Cristina Castells es ingeniera industrial especializada en t\u00e9cnicas energ\u00e9ticas por la Universitat Polit\u00e8cnica de Catalunya, con un m\u00e1ster en Direcci\u00f3n P\u00fablica Local. Con una s\u00f3lida trayectoria en el \u00e1mbito de la energ\u00eda, Castells se incorpor\u00f3 en 1995 al Instituto Catal\u00e1n de Energ\u00eda, donde ocup\u00f3 diversos cargos t\u00e9cnicos y de responsabilidad en los \u00e1mbitos de edificaci\u00f3n, transporte, energ\u00edas renovables y eficiencia energ\u00e9tica. Desde 2008 dirige el \u00e1rea de Energ\u00eda y Calidad Ambiental del Ayuntamiento de Barcelona, impulsando pol\u00edticas p\u00fablicas centradas en la sostenibilidad, el ahorro energ\u00e9tico y la mejora ambiental en el entorno urbano.<a href=\"https:\/\/www.linkedin.com\/in\/cristina-castells-guiu-92333716b\/\" target=\"_blank\" rel=\"noopener\">Perfil en LinkedIN<\/a><\/p>\n<\/div><\/div>\r\n<\/div>\n\t\t\t\t<img decoding=\"async\" src=\"https:\/\/vilawatt.cat\/wp-content\/uploads\/2025\/10\/CARLOS-VELAZQUEZ-Director-de-Sostenibilidad-de-Roca-Group-1.jpg\" alt=\"CARLOS VEL\u00c1ZQUEZ, Director de Sostenibilidad de Roca Group\" itemprop=\"image\" height=\"1200\" width=\"1200\" title=\"CARLOS VEL\u00c1ZQUEZ, Director de Sostenibilidad de Roca Group\" onerror=\"this.style.display='none'\"  \/>\n<div class=\"wm-accordion clearfix\" data-active=\"0\" data-mode=\"accordion\">\r\n<div class=\"wm-item wm-item-wrap\"><h3 class=\"wm-item-title\" data-tags=\"\" data-tag-names=\"\">CARLOS VEL\u00c1ZQUEZ<\/h3><div class=\"wm-item-content clearfix CARLOSVELZQUEZ\"><p><strong>Director de Sostenibilidad de Roca Group<\/strong>Carlos Vel\u00e1zquez ha trabajado para el Grupo Roca durante m\u00e1s de veinticinco a\u00f1os y a lo largo de todo este tiempo ha ocupado diferentes posiciones en diferentes pa\u00edses. En la actualidad ostenta el cargo de Director de Sostenibilidad y Relaciones Institucionales del Grupo Roca.<a href=\"https:\/\/www.linkedin.com\/in\/carlos-velazquez\/\" target=\"_blank\" rel=\"noopener\">Perfil en LinkedIN<\/a><\/p>\n<\/div><\/div>\r\n<\/div>\n\t\t\t\t<img decoding=\"async\" src=\"https:\/\/vilawatt.cat\/wp-content\/uploads\/2025\/10\/DAVID-GUERRERO-jefe-de-la-Oficina-de-Transicion-Energetica-del-AMB-1.jpeg\" alt=\"DAVID GUERRERO, jefe de la Oficina de Transici\u00f3n Energ\u00e9tica del AMB\" itemprop=\"image\" height=\"400\" width=\"400\" title=\"DAVID GUERRERO, jefe de la Oficina de Transici\u00f3n Energ\u00e9tica del AMB\" onerror=\"this.style.display='none'\"  \/>\n<div class=\"wm-accordion clearfix\" data-active=\"0\" data-mode=\"accordion\">\r\n<div class=\"wm-item wm-item-wrap\"><h3 class=\"wm-item-title\" data-tags=\"\" data-tag-names=\"\">DAVID GUERRERO<\/h3><div class=\"wm-item-content clearfix DAVIDGUERRERO\"><p><strong>Jefe de la Oficina de Transici\u00f3n Energ\u00e9tica del AMB<\/strong>Cuenta con m\u00e1s 16 a\u00f1os de experiencia en el sector impulsando la transici\u00f3n energ\u00e9tica en el territorio metropolitano a trav\u00e9s de proyectos de generaci\u00f3n renovable, eficiencia energ\u00e9tica y comunidades energ\u00e9ticas. Desde hace dos a\u00f1os, ocupa el cargo de Jefe de la Oficina de Transici\u00f3n Energ\u00e9tica.<a href=\"https:\/\/www.linkedin.com\/in\/david-guerrero-algara-32682215\/\" target=\"_blank\" rel=\"noopener\">Perfil en LinkedIN<\/a><\/p>\n<\/div><\/div>\r\n<\/div>\n\t\t\t\t<img decoding=\"async\" src=\"https:\/\/vilawatt.cat\/wp-content\/uploads\/2025\/10\/Pilar-Lopez_RRII-y-comunicacion-de-CIDE-ForoElectrificacion-1.jpg\" alt=\"Pilar L\u00f3pez_RRII y comunicaci\u00f3n de CIDE-ForoElectrificaci\u00f3n\" itemprop=\"image\" height=\"1067\" width=\"1067\" title=\"Pilar L\u00f3pez_RRII y comunicaci\u00f3n de CIDE-ForoElectrificaci\u00f3n\" onerror=\"this.style.display='none'\"  \/>\n<div class=\"wm-accordion clearfix\" data-active=\"0\" data-mode=\"accordion\">\r\n<div class=\"wm-item wm-item-wrap\"><h3 class=\"wm-item-title\" data-tags=\"\" data-tag-names=\"\">PILAR L\u00d3PEZ<\/h3><div class=\"wm-item-content clearfix PILARLPEZ\"><p><strong>Directora de Relaciones Institucionales y Comunicaci\u00f3n de CIDE, miembro del Foro para la Electrificaci\u00f3n<\/strong>Pilar L\u00f3pez es licenciada en Derecho por la Universidad del Pa\u00eds Vasco y cuenta con el Programa Integral de Desarrollo Directivo (PIDD) por ESIC Business &amp; Marketing School.<br \/>Participa en calidad de miembro del <strong>Foro para la Electrificaci\u00f3n<\/strong>, una plataforma que agrupa a distintas asociaciones del sector el\u00e9ctrico con el objetivo de situar al vector el\u00e9ctrico en el centro de las pol\u00edticas energ\u00e9ticas y medioambientales como v\u00eda eficiente para descarbonizar la econom\u00eda y la sociedad.<a href=\"https:\/\/www.linkedin.com\/in\/pilarloga\/\" target=\"_blank\" rel=\"noopener\">Perfil en LinkedIN<\/a><\/p>\n<\/div><\/div>\r\n<\/div>\n\t\t\t\t<img decoding=\"async\" src=\"https:\/\/vilawatt.cat\/wp-content\/uploads\/2025\/10\/manel-rivero-2.jpg\" alt=\"Screenshot\" itemprop=\"image\" height=\"593\" width=\"593\" title=\"Screenshot\" onerror=\"this.style.display='none'\"  \/>\n<div class=\"wm-accordion clearfix\" data-active=\"0\" data-mode=\"accordion\">\r\n<div class=\"wm-item wm-item-wrap\"><h3 class=\"wm-item-title\" data-tags=\"\" data-tag-names=\"\">MANEL RIVERO<\/h3><div class=\"wm-item-content clearfix MANELRIVERO\"><p><strong>Divulgador en eficiencia energ\u00e9tica y gerente de Intiam Ruai<\/strong>Con m\u00e1s de 25 a\u00f1os de experiencia, destaca como formador y comunicador en eficiencia energ\u00e9tica, descarbonizaci\u00f3n y Certificados de Ahorro Energ\u00e9tico (CAE). Su capacidad para traducir conceptos complejos en soluciones pr\u00e1cticas lo convierte en un formador excepcional.Ha co-creado la Casa de la Energ\u00eda del Ayuntamiento de El Prat de Llobregat y ha participado como experto en el proyecto europeo EPAH sobre pobreza energ\u00e9tica, con m\u00e1s de 300 auditor\u00edas en viviendas y asesoramiento a administraciones p\u00fablicas. Tambi\u00e9n ha impartido m\u00e1s de 250 talleres ciudadanos y m\u00e1s de 300 horas de formaci\u00f3n t\u00e9cnica en gesti\u00f3n y optimizaci\u00f3n energ\u00e9tica.<a href=\"https:\/\/www.linkedin.com\/in\/manelrivero\/\" target=\"_blank\" rel=\"noopener\">Perfil en LinkedIN<\/a><\/p>\n<\/div><\/div>\r\n<\/div>\n\t\t\t\t<img decoding=\"async\" src=\"https:\/\/vilawatt.cat\/wp-content\/uploads\/2025\/10\/barrera-2.jpg\" alt=\"barrera\" itemprop=\"image\" height=\"427\" width=\"427\" title=\"barrera\" onerror=\"this.style.display='none'\"  \/>\n<div class=\"wm-accordion clearfix\" data-active=\"0\" data-mode=\"accordion\">\r\n<div class=\"wm-item wm-item-wrap\"><h3 class=\"wm-item-title\" data-tags=\"\" data-tag-names=\"\">XABIER BARRERA<\/h3><div class=\"wm-item-content clearfix XABIERBARRERA\"><p><strong>Representant de l&#8217;Oficina Zero d&#8217;AEBALL<\/strong>Es estratega de crecimiento y experto en innovaci\u00f3n empresarial con m\u00e1s de dos d\u00e9cadas de experiencia internacional en sectores como los semiconductores, la energ\u00eda, la salud y el \u00e1mbito aeroespacial. Fundador de la consultora TechBridge, asesora a empresas tecnol\u00f3gicas y compa\u00f1\u00edas en expansi\u00f3n en \u00e1reas como la transformaci\u00f3n estrat\u00e9gica, el desarrollo de nuevos mercados y las fusiones y adquisiciones. A lo largo de su trayectoria ha liderado programas de crecimiento valorados en miles de millones de d\u00f3lares, posicionando a diversas organizaciones como referentes globales mediante el uso de tecnolog\u00edas emergentes. Es tambi\u00e9n un asesor habitual de consejos de administraci\u00f3n y equipos directivos en entornos de alta complejidad.<a href=\"https:\/\/www.linkedin.com\/in\/xavierbarrera\/\" target=\"_blank\" rel=\"noopener\">Perfil en LinkedIN<\/a><\/p>\n<\/div><\/div>\r\n<\/div>\n\t\t\t\t<img decoding=\"async\" src=\"https:\/\/vilawatt.cat\/wp-content\/uploads\/2025\/10\/MARINA-FEITO-1.jpg\" alt=\"MARINA-FEITO\" itemprop=\"image\" height=\"463\" width=\"463\" title=\"MARINA-FEITO\" onerror=\"this.style.display='none'\"  \/>\n<div class=\"wm-accordion clearfix\" data-active=\"0\" data-mode=\"accordion\">\r\n<div class=\"wm-item wm-item-wrap\"><h3 class=\"wm-item-title\" data-tags=\"\" data-tag-names=\"\">MARINA FEITO<\/h3><div class=\"wm-item-content clearfix MARINAFEITO\"><p><strong>T\u00e9cnica de proyectos de Vilawatt<\/strong>Es ingeniera industrial especializada en energ\u00eda, con s\u00f3lidos conocimientos en tecnolog\u00eda solar fotovoltaica, gesti\u00f3n de proyectos y comunidades energ\u00e9ticas. Forma parte del equipo t\u00e9cnico del proyecto Vilawatt desde 2023, donde impulsa proyectos municipales de energ\u00eda y de autoconsumo compartido en edificios locales.Anteriormente desarroll\u00f3 su labor en la Oficina Municipal de Energ\u00eda Sostenible del Ayuntamiento de Sant Boi de Llobregat, como responsable de 14 proyectos de autoconsumo compartido y asesora energ\u00e9tica para la ciudadan\u00eda en temas de pobreza energ\u00e9tica, ahorro y gesti\u00f3n del consumo.Es posgraduada en Transici\u00f3n Energ\u00e9tica y Gesti\u00f3n de Comunidades Locales y Ciudadanas de Energ\u00eda Renovable por la Universidad Rovira i Virgili.<a href=\"https:\/\/www.linkedin.com\/in\/marinafeito\/\" target=\"_blank\" rel=\"noopener\">Perfil en LinkedIN<\/a><\/p>\n<\/div><\/div>\r\n<\/div>\n\t\t\t\t<img decoding=\"async\" src=\"https:\/\/vilawatt.cat\/wp-content\/uploads\/2025\/10\/Jordi-Mazoin-RCMYK-2.jpg\" alt=\"Jordi-Mazo\u00ecn-RCMYK\" itemprop=\"image\" height=\"1181\" width=\"1181\" title=\"Jordi-Mazo\u00ecn-RCMYK\" onerror=\"this.style.display='none'\"  \/>\n<div class=\"wm-accordion clearfix\" data-active=\"0\" data-mode=\"accordion\">\r\n<div class=\"wm-item wm-item-wrap\"><h3 class=\"wm-item-title\" data-tags=\"\" data-tag-names=\"\">JORDI MAZON<\/h3><div class=\"wm-item-content clearfix JORDIMAZON\"><p><strong>Teniente de alcaldesa del Ayuntamiento de Viladecans<\/strong>Doctor en Ciencias en f\u00edsica computacional y aplicada (Universitat Polit\u00e8cnica de Catalunya, UPC), m\u00e1ster en climatolog\u00eda aplicada (Universitat de Barcelona, UB), licenciado en f\u00edsica (UB). Actualmente es profesor en el departamento de F\u00edsica de la UPC, donde tambi\u00e9n desarrolla investigaci\u00f3n en el \u00e1mbito de la f\u00edsica de la atm\u00f3sfera y la climatolog\u00eda. Compagina esta actividad con la de pol\u00edtica, siendo teniente de alcaldesa de residuos y limpieza viaria, movilidad, promoci\u00f3n y divulgaci\u00f3n de la ciencia, naturalizaci\u00f3n de la ciudad, transici\u00f3n energ\u00e9tica a trav\u00e9s del Vilawatt, en el ajuntament de Viladecans. Es, adem\u00e1s, piloto de la misi\u00f3n clima, para conseguir la neutralidad de carbono en 2030.<a href=\"https:\/\/www.linkedin.com\/in\/jordi-mazon-0bb20429\/\" target=\"_blank\" rel=\"noopener\">Perfil en LinkedIN<\/a><\/p>\n<\/div><\/div>\r\n<\/div>\n\t\t\t\t<img decoding=\"async\" src=\"https:\/\/vilawatt.cat\/wp-content\/uploads\/2025\/10\/Marta-Morera-2.jpg\" alt=\"Marta-Morera\" itemprop=\"image\" height=\"513\" width=\"513\" title=\"Marta-Morera\" onerror=\"this.style.display='none'\"  \/>\n<div class=\"wm-accordion clearfix\" data-active=\"0\" data-mode=\"accordion\">\r\n<div class=\"wm-item wm-item-wrap\"><h3 class=\"wm-item-title\" data-tags=\"\" data-tag-names=\"\">MARTA MORERA<\/h3><div class=\"wm-item-content clearfix MARTAMORERA\"><p><strong>Directora general de Energ\u00eda de la Generalitat de Catalunya<\/strong>Marta Morera es la actual directora general de Energ\u00eda de la Generalitat de Catalunya. Antes de asumir este cargo, fue directora del Instituto Catal\u00e1n de Energ\u00eda (ICAEN) desde 2021. Morera es licenciada en Ciencias Ambientales, con especialidad en Gesti\u00f3n y Planificaci\u00f3n Ambiental por la Universitat de Girona, y m\u00e1ster en Energ\u00eda para el desarrollo sostenible, energ\u00edas renovables y ahorro y eficiencia energ\u00e9tica por la UPC.Anteriormente, fue tambi\u00e9n responsable de acci\u00f3n ambiental en el Ayuntamiento de Rub\u00ed. Entre los proyectos que dirigi\u00f3 destaca <i>Rub\u00ed Brilla<\/i>, una iniciativa para promover la eficiencia energ\u00e9tica, el uso de energ\u00edas renovables, la transici\u00f3n energ\u00e9tica y la lucha contra la emergencia clim\u00e1tica en la ciudad.<a href=\"https:\/\/www.linkedin.com\/in\/martamorera1979\/\" target=\"_blank\" rel=\"noopener\">Perfil en LinkedIN<\/a><\/p>\n<\/div><\/div>\r\n<\/div>\n\t\t\t\t<img decoding=\"async\" src=\"https:\/\/vilawatt.cat\/wp-content\/uploads\/2025\/10\/Sergi-Fuster-1.jpg\" alt=\"Sergi Fuster\" itemprop=\"image\" height=\"1024\" width=\"1024\" title=\"Sergi Fuster\" onerror=\"this.style.display='none'\"  \/>\n<div class=\"wm-accordion clearfix\" data-active=\"0\" data-mode=\"accordion\">\r\n<div class=\"wm-item wm-item-wrap\"><h3 class=\"wm-item-title\" data-tags=\"\" data-tag-names=\"\">SERGI FUSTER<\/h3><div class=\"wm-item-content clearfix SERGIFUSTER\"><p><strong>Secretario del Club de Empresarios de Viladecans y presidente de la Asociaci\u00f3n Empresarial Vilawatt<\/strong>Fundador y director general de ARQTERIA Arquitectura y Global Business Development Manager en SIGEEN (gesti\u00f3n energ\u00e9tica y calidad del aire). Con experiencia en la Direcci\u00f3n General del Catastro (Diputaci\u00f3n de Barcelona), es miembro de la ejecutiva de PIMEC Baix Llobregat i L&#8217;Hospitalet, de la Junta Directiva de la Fundaci\u00f3n PIMEC y secretario del Club de Empresarios de Viladecans. Colabora como docente en iniciativas de emprendimiento y mentoring con el Ayuntamiento de Viladecans, la Generalitat y la Universitat Abat Oliba de Barcelona.<a href=\"https:\/\/www.linkedin.com\/in\/sergifusterl%C3%B3pez\/\" target=\"_blank\" rel=\"noopener\">Perfil en LInkedIN<\/a><\/p>\n<\/div><\/div>\r\n<\/div>\n\t\t\t\t<img decoding=\"async\" src=\"https:\/\/vilawatt.cat\/wp-content\/uploads\/2025\/10\/Cristina-Rodriguez-Vila-1.jpg\" alt=\"Cristina Rodri\u0301guez Vila\" itemprop=\"image\" height=\"490\" width=\"490\" title=\"Cristina Rodri\u0301guez Vila\" onerror=\"this.style.display='none'\"  \/>\n<div class=\"wm-accordion clearfix\" data-active=\"0\" data-mode=\"accordion\">\r\n<div class=\"wm-item wm-item-wrap\"><h3 class=\"wm-item-title\" data-tags=\"\" data-tag-names=\"\">CRISTINA RODR\u00cdGUEZ<\/h3><div class=\"wm-item-content clearfix CRISTINARODRGUEZ\"><p><strong>Secretaria de Transiciones Justas y Territorio de CCOO Catalunya<\/strong>Afiliada a CCOO desde 2004, en 2007 fue elegida delegada de la Junta de Personal Docente no Universitario y, ese mismo a\u00f1o, empez\u00f3 a trabajar como liberada sindical a<br \/>media jornada en CCOO de Educaci\u00f3n de Lleida. En 2010 pas\u00f3 a jornada completa en el sindicato. En 2014 fue elegida secretaria general de CCOO de Educaci\u00f3n de Lleida y, en marzo de 2017, fue elegida secretaria general de CCOO de las Tierras de Lleida, cargo que ha ocupado durante dos mandatos, hasta marzo de 2025.<\/p>\n<\/div><\/div>\r\n<\/div>\n","protected":false},"excerpt":{"rendered":"<div class=\"entry-summary\">\n<div class=\"entry-summary\">\n3er Congreso Nacional de Transici\u00f3n Energ\u00e9tica y Ciudadana Vilawatt YA PUEDES VER C\u00d3MO HEMOS INSPIRADO LA TRANSFORMACI\u00d3N RENOVABLE Y COMUNITARIA DEL MODELO ENERG\u00c9TICO Hemos vivido la tercera edici\u00f3n del Congreso Vilawatt, un encuentro anual para conocer innovaciones, establecer estrategias y&hellip;\n<\/div>\n<div class=\"link-more\"><a href=\"https:\/\/vilawatt.cat\/es\/congreso25\/\" class=\"more-link\">Continue reading<span class=\"screen-reader-text\"> &ldquo;3er Congreso Nacional de Transici\u00f3n Energ\u00e9tica y Ciudadana Vilawatt&rdquo;<\/span>&hellip;<\/a><\/div>\n<\/div>\n<div class=\"link-more\"><a href=\"https:\/\/vilawatt.cat\/es\/congreso25\/\" class=\"more-link\">Continue reading<span class=\"screen-reader-text\"> &ldquo;3er Congreso Nacional de Transici\u00f3n Energ\u00e9tica y Ciudadana Vilawatt&rdquo;<\/span>&hellip;<\/a><\/div>\n","protected":false},"author":1,"featured_media":3157,"parent":0,"menu_order":0,"comment_status":"closed","ping_status":"closed","template":"","meta":{"_acf_changed":false,"inline_featured_image":false,"footnotes":""},"class_list":["post-4047","page","type-page","status-publish","has-post-thumbnail","hentry","entry"],"acf":[],"_links":{"self":[{"href":"https:\/\/vilawatt.cat\/es\/wp-json\/wp\/v2\/pages\/4047","targetHints":{"allow":["GET"]}}],"collection":[{"href":"https:\/\/vilawatt.cat\/es\/wp-json\/wp\/v2\/pages"}],"about":[{"href":"https:\/\/vilawatt.cat\/es\/wp-json\/wp\/v2\/types\/page"}],"author":[{"embeddable":true,"href":"https:\/\/vilawatt.cat\/es\/wp-json\/wp\/v2\/users\/1"}],"replies":[{"embeddable":true,"href":"https:\/\/vilawatt.cat\/es\/wp-json\/wp\/v2\/comments?post=4047"}],"version-history":[{"count":24,"href":"https:\/\/vilawatt.cat\/es\/wp-json\/wp\/v2\/pages\/4047\/revisions"}],"predecessor-version":[{"id":4364,"href":"https:\/\/vilawatt.cat\/es\/wp-json\/wp\/v2\/pages\/4047\/revisions\/4364"}],"wp:featuredmedia":[{"embeddable":true,"href":"https:\/\/vilawatt.cat\/es\/wp-json\/wp\/v2\/media\/3157"}],"wp:attachment":[{"href":"https:\/\/vilawatt.cat\/es\/wp-json\/wp\/v2\/media?parent=4047"}],"curies":[{"name":"wp","href":"https:\/\/api.w.org\/{rel}","templated":true}]}}