{"id":2150,"date":"2022-11-08T12:31:48","date_gmt":"2022-11-08T11:31:48","guid":{"rendered":"https:\/\/vilawatt.cat\/actualidad-transicion-energetica-vilawatt\/subvenciones-y-ayudas-para-la-ciudadania-y-empresas-para-implantar-la-ter\/"},"modified":"2025-12-04T10:42:45","modified_gmt":"2025-12-04T09:42:45","slug":"subvenciones-y-ayudas-para-la-ciudadania-y-empresas-para-implantar-la-ter","status":"publish","type":"page","link":"https:\/\/vilawatt.cat\/es\/actualidad\/subvenciones-y-ayudas-para-la-ciudadania-y-empresas-para-implantar-la-ter\/","title":{"rendered":"Subvenciones y ayudas para la ciudadania y empresas para implantar la TER"},"content":{"rendered":"\n\n\t<h1>SUBVENCIONES Y AYUDAS<\/h1>\n\t<h2>BONIFICACIONES FISCALES relacionadas con viviendas y edificios<\/h2>\n\t\t\t<a href=\"#\" id=\"fl-accordion--label-0\" tabindex=\"0\" aria-controls=\"fl-accordion--panel-0\">50% de bonificaci\u00f3n de la cuota del IBI x 3 a\u00f1os (m\u00e1x. 50% coste de la instalaci\u00f3n), para hacer instalaciones t\u00e9rmicas y fotovoltaicas en un inmueble.<\/a>\n\t\t\t\t\t\t\t<a href=\"#\" id=\"fl-accordion--icon-0\" tabindex=\"0\" aria-controls=\"fl-accordion--panel-0\"><i>Expand<\/i><\/a>\n\t\t<p><strong>Vigor:<\/strong> 2025<\/p>\n<p><strong>Sector:<\/strong> Vivienda; comercio, servicios e industria<\/p>\n<p><strong>Ordenanza fiscal<\/strong>: 1.01 &#8211; Impuesto sobre Bienes Inmuebles (IBI)<\/p>\n<p><a title=\"Ordenanza 1.01\" href=\"https:\/\/seu-e.cat\/documents\/4123793\/18401173\/1.01.+OOFF+2025+IBI.pdf\/ca8c1d4f-5276-4d26-bcea-eef242d29d34\" target=\"_blank\" rel=\"noopener\">Ver Ordenanza<\/a><\/p>\n\t\t\t<a href=\"#\" id=\"fl-accordion--label-1\" tabindex=\"0\" aria-controls=\"fl-accordion--panel-1\">50% de bonificaci\u00f3n de la cuota del IBI x 3 a\u00f1os (m\u00e1x. 50% coste de la instalaci\u00f3n), para instalar puntos de recarga de veh\u00edculos el\u00e9ctricos en un inmueble.<\/a>\n\t\t\t\t\t\t\t<a href=\"#\" id=\"fl-accordion--icon-1\" tabindex=\"0\" aria-controls=\"fl-accordion--panel-1\"><i>Expand<\/i><\/a>\n\t\t<p><strong>Vigor:<\/strong> 2025<\/p>\n<p><strong>Sector:<\/strong> Vivienda, comercio, servicios e industria<\/p>\n<p><strong>Ordenanza fiscal: <\/strong>1.01 &#8211; Impuesto sobre bienes e inmuebles (IBI).<\/p>\n<p><a title=\"Ordenanza 1.01\" href=\"https:\/\/seu-e.cat\/documents\/4123793\/18401173\/1.01.+OOFF+2025+IBI.pdf\/ca8c1d4f-5276-4d26-bcea-eef242d29d34\" target=\"_blank\" rel=\"noopener\">Ver Ordenanza<\/a><\/p>\n\t\t\t<a href=\"#\" id=\"fl-accordion--label-2\" tabindex=\"0\" aria-controls=\"fl-accordion--panel-2\">50% bonificaci\u00f3n de la tasa servicios urban\u00edsticos para rehabilitaciones que supongan mejoras energ\u00e9ticas<\/a>\n\t\t\t\t\t\t\t<a href=\"#\" id=\"fl-accordion--icon-2\" tabindex=\"0\" aria-controls=\"fl-accordion--panel-2\"><i>Expand<\/i><\/a>\n\t\t<p><b>Objectos de bonificaci\u00f3n:\u00a0<\/b><\/p>\n<ul>\n<li>licencias de obras que incorporen sistemas de energ\u00eda solar que no sean obligatorias<\/li>\n<li>licencias de obras de rehabilitaci\u00f3n y mantenimiento de viviendas, fachadas, cubiertas, espacios comunes e instalaciones que precisen de proyecto t\u00e9cnico<\/li>\n<\/ul>\n<p><b>Vigor:\u00a0<\/b>2025<\/p>\n<p><b>Ordenanza fiscal: <\/b>1.07 &#8211; Servicios Urban\u00edsticos<\/p>\n<p><a href=\"https:\/\/seu-e.cat\/documents\/4123793\/18401173\/1.07+OOFF+2025+SERV+URB.pdf\/a987957a-6157-487f-b9d6-aba70c58b6cc\">Ver ordenanza<\/a><\/p>\n\t\t\t<a href=\"#\" id=\"fl-accordion--label-3\" tabindex=\"0\" aria-controls=\"fl-accordion--panel-3\">95% de bonificaci\u00f3n ICIO de las construcciones, instalaciones u obras para incorporar sistemas de aprovechamiento t\u00e9rmico o el\u00e9ctrico de la energ\u00eda solar, si no es legalmente obligatorio<\/a>\n\t\t\t\t\t\t\t<a href=\"#\" id=\"fl-accordion--icon-3\" tabindex=\"0\" aria-controls=\"fl-accordion--panel-3\"><i>Expand<\/i><\/a>\n\t\t<p><strong>Vigor:<\/strong> 2025<\/p>\n<p><strong>Sector:<\/strong> Vivienda, comercio, servicios e industria<\/p>\n<p><strong>Ordenanza fiscal:<\/strong> 1.04 &#8211; Impuesto sobre construcciones, instalaciones y obras (ICIO).<\/p>\n<p><a title=\"Ordenanza 1.04\" href=\"https:\/\/seu-e.cat\/documents\/4123793\/18401173\/1.04+OOFF+ICIO+2025_20250515_OOFF_1.04_Modificacions.pdf\/b01eb562-8b1a-4124-ad69-8581c96caa29\" target=\"_blank\" rel=\"noopener\">Ver Ordenanza<\/a><\/p>\n\t\t\t<a href=\"#\" id=\"fl-accordion--label-4\" tabindex=\"0\" aria-controls=\"fl-accordion--panel-4\">75 % de bonificaci\u00f3 de l&#8217;ICIO per millores d&#8217;a\u00efllament i reducci\u00f3 del consum energ\u00e8tic<\/a>\n\t\t\t\t\t\t\t<a href=\"#\" id=\"fl-accordion--icon-4\" tabindex=\"0\" aria-controls=\"fl-accordion--panel-4\"><i>Expand<\/i><\/a>\n\t\t<p><strong>Objeto<\/strong>: rehabilitaci\u00f3n y\/o mantenimiento de fachadas, cubiertas, espacios comunes e instalaciones en edificios anteriores a 2006 que aumenten el aislamiento y reduzcan el consumo energ\u00e9tico<\/p>\n<p><strong>Vigor<\/strong>: 2025<\/p>\n<p><strong>Ordenanza fiscal:<\/strong> 1.04 -Impuesto sobre Construcciones, Instalaciones y Obras<\/p>\n<p><a href=\"https:\/\/seu-e.cat\/documents\/4123793\/18401173\/1.04+OOFF+ICIO+2025_20250515_OOFF_1.04_Modificacions.pdf\/b01eb562-8b1a-4124-ad69-8581c96caa29\">Ver ordenanza<\/a><\/p>\n\t<h2>Bonificaciones fiscales relacionadas con veh\u00edculos<\/h2>\n\t\t\t<a href=\"#\" id=\"fl-accordion--label-0\" tabindex=\"0\" aria-controls=\"fl-accordion--panel-0\">Del 10 al 75 % de bonificaci\u00f3n del IVTM a los veh\u00edculos sostenibles<\/a>\n\t\t\t\t\t\t\t<a href=\"#\" id=\"fl-accordion--icon-0\" tabindex=\"0\" aria-controls=\"fl-accordion--panel-0\"><i>Expand<\/i><\/a>\n\t\t<p><strong>Sector:<\/strong> Titulares de veh\u00edculos<\/p>\n<p><strong>Vigor:<\/strong> 2025<\/p>\n<p><strong>Observaciones:<\/strong> Dirigido a veh\u00edculos clasificados \u00abcero emisiones\u00bb y \u00abeco\u00bb por la DGT. En funci\u00f3n de la potencia fiscal, bonificaci\u00f3n del 10 % al 75 %.<\/p>\n<p><strong>Ordenanz<\/strong><strong>a fiscal: <\/strong>1.02 &#8211; Impuesto sobre Veh\u00edculos de Tracci\u00f3n Mec\u00e1nica (IVTM).<\/p>\n<p><a title=\"Ordenan\u00e7a 1.02\" href=\"https:\/\/seu-e.cat\/documents\/4123793\/18401173\/1.02.+OOFF+2025+IVTM.pdf\/8cb42977-c95b-4e43-9a4d-01194bb9961c\" target=\"_blank\" rel=\"noopener\">Ver Ordenanza<\/a><\/p>\n\t\t\t<a href=\"#\" id=\"fl-accordion--label-1\" tabindex=\"0\" aria-controls=\"fl-accordion--panel-1\">50% de bonificaci\u00f3n de la cuota del IBI x 3 a\u00f1os (m\u00e1x. 50% coste de la instalaci\u00f3n), por instalar puntos de recarga de veh\u00edculos el\u00e9ctricos en un inmueble<\/a>\n\t\t\t\t\t\t\t<a href=\"#\" id=\"fl-accordion--icon-1\" tabindex=\"0\" aria-controls=\"fl-accordion--panel-1\"><i>Expand<\/i><\/a>\n\t\t<p><strong>Vigor:<\/strong> 2025<\/p>\n<p><strong>Sector:<\/strong> Vivienda; comercio, servicios e industria<\/p>\n<p><strong>Ordenanza fiscal: <\/strong>1.01 -Impuesto sobre bienes e inmuebles (IBI).<\/p>\n<p><a title=\"Ordenanza 1.01\" href=\"https:\/\/seu-e.cat\/documents\/4123793\/18401173\/1.01.+OOFF+2025+IBI.pdf\/ca8c1d4f-5276-4d26-bcea-eef242d29d34\" target=\"_blank\" rel=\"noopener\">Ver Ordenanza<\/a><\/p>\n\t\t\t<a href=\"#\" id=\"fl-accordion--label-2\" tabindex=\"0\" aria-controls=\"fl-accordion--panel-2\">10% bonificaci\u00f3n de la cuota IAE. x 3 a\u00f1os (m\u00e1x. 50% del coste de la instalaci\u00f3n), para instalar puntos de recarga de veh\u00edculos el\u00e9ctricos en el parking de la empresa<\/a>\n\t\t\t\t\t\t\t<a href=\"#\" id=\"fl-accordion--icon-2\" tabindex=\"0\" aria-controls=\"fl-accordion--panel-2\"><i>Expand<\/i><\/a>\n\t\t<p><strong>Vigor:<\/strong> 2025<\/p>\n<p><strong>Sector:<\/strong> Comercio, servicios e industria.<\/p>\n<p><strong>Ordenanza fiscal:<\/strong> 1.03 &#8211; Impuesto sobre actividades econ\u00f3micas (IAE).<\/p>\n<p><a title=\"Ordenanza 1.03\" href=\"https:\/\/seu-e.cat\/documents\/4123793\/18401173\/1.03+OOFF+2025+IAE.pdf\/bdf32bfd-e0d7-47fd-9952-b92fe910d1ca\" target=\"_blank\" rel=\"noopener\">Ver Ordenanza<\/a><\/p>\n\t<h2>Bonificaciones fiscales relacionadas con actividades econ\u00f3micas<\/h2>\n\t\t\t<a href=\"#\" id=\"fl-accordion--label-0\" tabindex=\"0\" aria-controls=\"fl-accordion--panel-0\">10% bonificaci\u00f3n de la cuota IAE (sin l\u00edmite de tiempo) por el autoconsumo de energ\u00eda con generaci\u00f3n de origen renovable a partir de sistemas de cogeneraci\u00f3n<\/a>\n\t\t\t\t\t\t\t<a href=\"#\" id=\"fl-accordion--icon-0\" tabindex=\"0\" aria-controls=\"fl-accordion--panel-0\"><i>Expand<\/i><\/a>\n\t\t<p><strong>Vigor:<\/strong> 2025<\/p>\n<p><strong>Sector:<\/strong> Comercio, servicios e industria.<\/p>\n<p><strong>Ordenanza fiscal:<\/strong> 1.03 &#8211; Impuesto sobre actividades econ\u00f3micas (IAE).<\/p>\n<p><a title=\"Ordenanza 1.03\" href=\"https:\/\/seu-e.cat\/documents\/4123793\/18401173\/1.03+OOFF+2025+IAE.pdf\/bdf32bfd-e0d7-47fd-9952-b92fe910d1ca\" target=\"_blank\" rel=\"noopener\">Ver Ordenanza<\/a><\/p>\n\t\t\t<a href=\"#\" id=\"fl-accordion--label-1\" tabindex=\"0\" aria-controls=\"fl-accordion--panel-1\">10% bonificaci\u00f3n de la cuota IAE. x 3 a\u00f1os (m\u00e1x. 50% del coste de la instalaci\u00f3n), para instalar puntos de recarga de veh\u00edculos el\u00e9ctricos en el parking de la empresa<\/a>\n\t\t\t\t\t\t\t<a href=\"#\" id=\"fl-accordion--icon-1\" tabindex=\"0\" aria-controls=\"fl-accordion--panel-1\"><i>Expand<\/i><\/a>\n\t\t<p><strong>Vigor:<\/strong> 2025<\/p>\n<p><strong>Sector:<\/strong> Comercio, servicios e industria.<\/p>\n<p><strong>Ordenanza fiscal: <\/strong><b>1.03<\/b> Ordenanza fiscal reguladora del impuesto sobre actividades econ\u00f3micas (IAE).<\/p>\n<p><a title=\"Ordenanza 1.03\" href=\"https:\/\/seu-e.cat\/documents\/4123793\/18401173\/1.03+OOFF+2025+IAE.pdf\/bdf32bfd-e0d7-47fd-9952-b92fe910d1ca\" target=\"_blank\" rel=\"noopener\">Ver Ordenanza<\/a><\/p>\n\t<h2 id=\"olh\">Pograma de ayudas a las actuaciones de mejora de la eficiencia energ\u00e9tica en hogares (fondo Next Generation)<\/h2>\n\t<p>El objeto de este programa es la financiaci\u00f3n de actuaciones u obras de mejora de la eficiencia energ\u00e9tica en las viviendas, sean unifamiliares o pertenecientes a edificios plurifamiliares.<\/p>\n<p>Los beneficiarios de las ayudas pueden ser las personas propietarias, usufructuarias o arrendatarias de viviendas, ya sean personas f\u00edsicas o jur\u00eddicas de naturaleza privada o p\u00fablica.<\/p>\n<p>Ten\u00e9is informaci\u00f3n completa sobre c\u00f3mo acceder a las ayudas a la rehabilitaci\u00f3n de edificios y viviendas con fondos de la UE Next Generation en el enlace de la <a href=\"https:\/\/www.viladecans.cat\/ca\/nextgeneration\" target=\"_blank\" rel=\"noopener\">Oficina Local de Vivienda de Viladecans<\/a>.<\/p>\n<div class=\"wm-call-to-action\"><div class=\"wm-call-to-action-content wm-call-to-action-element\"><p>Consorcio Metropolitano de la Vivienda para 35 municipios del \u00c0rea Metropolitana de Barcelona (AMB).<\/p><\/div><div class=\"wm-call-to-action-button wm-call-to-action-element\"><a href=\"https:\/\/www.cmh.cat\/web\/cmh\/ajuts\/ajuts-fons-next-generation\" class=\"wm-button button size-large\" target=\"_blank\"><span class=\"icon-ion-link\" aria-hidden=\"true\"> <\/span>ABRIR ENLACE<\/a><\/div><\/div>\n\t<h2>Bonificaciones de IRPF e impuesto de sociedad por temas de rehabilitaci\u00f3n y eficiencia energ\u00e9tica y renovables<\/h2>\n\t<h3>IMPUESTO SOBRE SOCIEDADES<\/h3>\n<p>Por el Por el <i>Real Decreto-Ley 18\/2022, de 18 de octubre, por el que se aprueban medidas de refuerzo de la protecci\u00f3n de los consumidores de energ\u00eda y de contribuci\u00f3n a la reducci\u00f3n del consumo de gas natural en aplicaci\u00f3n del \u00abPlan + seguridad para tu energ\u00eda\u00bb<\/i>, se han introducido importantes <b>bonificaciones en el Impuesto de Sociedad para<\/b> <b>tener libertad de amortizaci\u00f3n de las inversiones hechas por las empresas en instalaciones destinadas al autoconsumo de energ\u00eda el\u00e9ctrica<\/b>,as\u00ed como aquellas<b> instalaciones para uso t\u00e9rmico de consumo propio,<\/b> siempre que utilicen energ\u00eda procedente de fuentes renovables y sustituyan instalaciones que utilizan energ\u00eda procedente de fuentes no renovables f\u00f3siles y que sean puestas a disposici\u00f3n del contribuyente a partir de la entrada en vigor del Real Decreto-Ley 18\/2022 (20 de octubre) y entren en funcionamiento en 2023 (hasta 500.000 euros).<\/p>\n<h3>IMPUESTO SOBRE LA RENTA DE LAS PERSONAS F\u00cdSICAS (IRPF)<\/h3>\n<p><b>En la deducci\u00f3n por obras de rehabilitaci\u00f3n energ\u00e9tica<\/b> (60 %) la base m\u00e1xima acumulada es de 15.000 euros.<\/p>\n\t\t\t<a href=\"#\" id=\"fl-accordion--label-0\" tabindex=\"0\" aria-controls=\"fl-accordion--panel-0\"><b>Deducci\u00f3n por obras para la reducci\u00f3n de la demanda de calefacci\u00f3n y refrigeraci\u00f3n:<\/b> 20 %<\/a>\n\t\t\t\t\t\t\t<a href=\"#\" id=\"fl-accordion--icon-0\" tabindex=\"0\" aria-controls=\"fl-accordion--panel-0\"><i>Expand<\/i><\/a>\n\t\t<p>Viviendas en las cuales se pueden realizar las obras:<\/p>\n<p>Vivienda habitual del contribuyente o cualquier otra de su titularidad que tuviera arrendada para su uso como vivienda o en expectativa de alquiler, siempre que, en este \u00faltimo caso, la vivienda se alquile antes del 31 de diciembre de 2024.<\/p>\n<p>Obras que dan derecho a deducci\u00f3n: las realizadas desde el 6 de octubre de 2021 hasta el 31 de diciembre de 2023.<\/p>\n<p>Base de deducci\u00f3n:<\/p>\n<p>Las cantidades satisfechas desde el 6 de octubre de 2021 hasta el 31 de diciembre de 2023 por las obras.<\/p>\n<p><b>La base m\u00e1xima anual ser\u00e1 de 5.000 euros anuales.<\/b><\/p>\n<p>Periodo impositivo en el cual se aplica: aquel en el cual se haya expedido el certificado de eficiencia energ\u00e9tica emitido despu\u00e9s de las obras. Estos certificados tendr\u00e1n que ser expedidos antes del 1 de enero de 2024.<\/p>\n\t\t\t<a href=\"#\" id=\"fl-accordion--label-1\" tabindex=\"0\" aria-controls=\"fl-accordion--panel-1\"><b>Deducci\u00f3n por obras para la mejora en el consumo de energ\u00eda primaria no renovable:<\/b> 40 %<\/a>\n\t\t\t\t\t\t\t<a href=\"#\" id=\"fl-accordion--icon-1\" tabindex=\"0\" aria-controls=\"fl-accordion--panel-1\"><i>Expand<\/i><\/a>\n<p>Viviendas en las cuales se pueden realizar las obras:<\/p>\n<p>Vivienda habitual del contribuyente o cualquier otra de su titularidad que tuviera arrendada para su uso como vivienda o en expectativa de alquiler, siempre que, en este \u00faltimo caso, la vivienda se alquile antes del 31 de diciembre de 2024.<\/p>\n<p>Obras que dan derecho a deducci\u00f3n: las realizadas desde el 6 de octubre de 2021 hasta el 31 de diciembre de 2023.<\/p>\n<p>Base de deducci\u00f3n: las cantidades satisfechas desde el 6 de octubre de 2021 hasta el 31 de diciembre de 2023 por las obras.<\/p>\n<p><b>La base m\u00e1xima anual ser\u00e1 de 7.500 euros anuales.<\/b><\/p>\n<p>Periodo impositivo en el cual se aplica: aquel en el cual se haya expedido el certificado de eficiencia energ\u00e9tica emitido despu\u00e9s de las obras. Estos certificados tendr\u00e1n que ser expedidos antes del 1 de enero de 2024.<\/p>\n\t\t\t<a href=\"#\" id=\"fl-accordion--label-2\" tabindex=\"0\" aria-controls=\"fl-accordion--panel-2\"><b>Deducci\u00f3n por obras de rehabilitaci\u00f3n energ\u00e9tica:<\/b> 60 %<\/a>\n\t\t\t\t\t\t\t<a href=\"#\" id=\"fl-accordion--icon-2\" tabindex=\"0\" aria-controls=\"fl-accordion--panel-2\"><i>Expand<\/i><\/a>\n<p>Obras que dan derecho a deducci\u00f3n:<\/p>\n<p>Las realizadas desde el 6 de octubre de 2021 hasta el 31 de diciembre de 2024.<\/p>\n<p>Base de deducci\u00f3n:<\/p>\n<p>Cuando se haya expedido el certificado en el periodo impositivo: las cantidades satisfechas desde el 6 de octubre de 2021 hasta la finalizaci\u00f3n del periodo impositivo.<\/p>\n<p>Cuando el certificado se hubiera expedido en un periodo impositivo anterior: las cantidades satisfechas en el a\u00f1o.<\/p>\n<p><b>La base m\u00e1xima anual ser\u00e1 de 5.000 euros anuales.<\/b><\/p>\n\t<p>Las cantidades satisfechas no deducidas para exceder de la base m\u00e1xima anual de deducci\u00f3n podr\u00e1n deducirse, con el mismo l\u00edmite, en los <b>cuatro ejercicios siguientes, sin que en ning\u00fan caso la base acumulada de la deducci\u00f3n pueda exceder de 15.000 euros.<\/b><\/p>\n<p>Periodos impositivos en los cuales se aplica:<\/p>\n<p>En principio se puede aplicar en 2021, 2022, 2023 y 2024. Sin embargo, es requisito para poder aplicar la deducci\u00f3n que se haya expedido el certificado de eficiencia energ\u00e9tica emitido despu\u00e9s de las obras. Estos certificados tendr\u00e1n que ser expedidos antes del 1 de enero de 2025. <a href=\"https:\/\/sede.agenciatributaria.gob.es\/Sede\/Real_Decreto_ley_18_2022__de_18_de_octubre__por_el_que_se_aprueban_medidas_de_refuerzo_de_la_proteccion_de_los_consumidores_d___energia___SE__.html\" target=\"_blank\" rel=\"noopener\">M\u00e1s informaci\u00f3n.<\/a><\/p>\n\t<h2>Enlaces de inter\u00e9s<\/h2>\n<div class=\"wm-call-to-action\"><div class=\"wm-call-to-action-content wm-call-to-action-element\"><p>Informaciones sobre ayudas, subvenciones y financiaci\u00f3n por energ\u00edas renovables, movilidad sostenible, rehabilitaci\u00f3n para la ciudadan\u00eda, empresas y sector p\u00fablico (\u00e1mbito catal\u00e1n, espa\u00f1ol y europeo) en la web del Instituto Catal\u00e1n de Energ\u00eda (ICAEN).<\/div><div class=\"wm-call-to-action-button wm-call-to-action-element\"><a href=\"https:\/\/icaen.gencat.cat\/ca\/energia\/ajuts\/\" class=\"wm-button button size-large\" target=\"_blank\"><span class=\"icon-ion-link\" aria-hidden=\"true\"> <\/span>ABRIR ENLACE<\/a><\/div><\/div><div class=\"wm-call-to-action\"><div class=\"wm-call-to-action-content wm-call-to-action-element\">Informaciones sobre ayudas, subvenciones y financiaci\u00f3n por energ\u00edas renovables, movilidad sostenible, rehabilitaci\u00f3n para la ciudadan\u00eda, empresas y sector p\u00fablico (\u00e1mbito auton\u00f3mico, espa\u00f1ol y europeo) en la web del Instituto de Diversificaci\u00f3n y Eficiencia Energ\u00e9tica (IDAE).<\/div><div class=\"wm-call-to-action-button wm-call-to-action-element\"><a href=\"https:\/\/www.idae.es\/ayudas-y-financiacion\" class=\"wm-button button size-large\" target=\"_blank\"><span class=\"icon-ion-link\" aria-hidden=\"true\"> <\/span>ABRIR ENLACE<\/a><\/div><\/div><div class=\"wm-call-to-action\"><div class=\"wm-call-to-action-content wm-call-to-action-element\">Informaci\u00f3 de convocat\u00f2ries de finan\u00e7ament europeu per a projectes relacionats amb la transici\u00f3 energ\u00e8tica neta del Pla de Recuperaci\u00f3, Transformaci\u00f3 i Resili\u00e8ncia en la Web del Departament d&#8217;Acci\u00f3 Exterior de la Generalitat de Catalunya.<\/p><\/div><div class=\"wm-call-to-action-button wm-call-to-action-element\"><a href=\"https:\/\/exteriors.gencat.cat\/ca\/ambits-dactuacio\/afers_exteriors\/ue\/fons_europeus\/detalls\/noticia\/20230522_monografic-energia-neta\" class=\"wm-button button size-large\" target=\"_blank\"><span class=\"icon-ion-link\" aria-hidden=\"true\"> <\/span>ABRIR ENLACE<\/a><\/div><\/div>\n","protected":false},"excerpt":{"rendered":"<div class=\"entry-summary\">\n<div class=\"entry-summary\">\nSUBVENCIONES Y AYUDAS BONIFICACIONES FISCALES relacionadas con viviendas y edificios 50% de bonificaci\u00f3n de la cuota del IBI x 3 a\u00f1os (m\u00e1x. 50% coste de la instalaci\u00f3n), para hacer instalaciones t\u00e9rmicas y fotovoltaicas en un inmueble. Expand Vigor: 2025 Sector:&hellip;\n<\/div>\n<div class=\"link-more\"><a href=\"https:\/\/vilawatt.cat\/es\/actualidad\/subvenciones-y-ayudas-para-la-ciudadania-y-empresas-para-implantar-la-ter\/\" class=\"more-link\">Continue reading<span class=\"screen-reader-text\"> &ldquo;Subvenciones y ayudas para la ciudadania y empresas para implantar la TER&rdquo;<\/span>&hellip;<\/a><\/div>\n<\/div>\n<div class=\"link-more\"><a href=\"https:\/\/vilawatt.cat\/es\/actualidad\/subvenciones-y-ayudas-para-la-ciudadania-y-empresas-para-implantar-la-ter\/\" class=\"more-link\">Continue reading<span class=\"screen-reader-text\"> &ldquo;Subvenciones y ayudas para la ciudadania y empresas para implantar la TER&rdquo;<\/span>&hellip;<\/a><\/div>\n","protected":false},"author":1,"featured_media":0,"parent":2144,"menu_order":0,"comment_status":"closed","ping_status":"closed","template":"","meta":{"_acf_changed":false,"inline_featured_image":false,"footnotes":""},"class_list":["post-2150","page","type-page","status-publish","hentry","entry"],"acf":[],"_links":{"self":[{"href":"https:\/\/vilawatt.cat\/es\/wp-json\/wp\/v2\/pages\/2150","targetHints":{"allow":["GET"]}}],"collection":[{"href":"https:\/\/vilawatt.cat\/es\/wp-json\/wp\/v2\/pages"}],"about":[{"href":"https:\/\/vilawatt.cat\/es\/wp-json\/wp\/v2\/types\/page"}],"author":[{"embeddable":true,"href":"https:\/\/vilawatt.cat\/es\/wp-json\/wp\/v2\/users\/1"}],"replies":[{"embeddable":true,"href":"https:\/\/vilawatt.cat\/es\/wp-json\/wp\/v2\/comments?post=2150"}],"version-history":[{"count":7,"href":"https:\/\/vilawatt.cat\/es\/wp-json\/wp\/v2\/pages\/2150\/revisions"}],"predecessor-version":[{"id":4438,"href":"https:\/\/vilawatt.cat\/es\/wp-json\/wp\/v2\/pages\/2150\/revisions\/4438"}],"up":[{"embeddable":true,"href":"https:\/\/vilawatt.cat\/es\/wp-json\/wp\/v2\/pages\/2144"}],"wp:attachment":[{"href":"https:\/\/vilawatt.cat\/es\/wp-json\/wp\/v2\/media?parent=2150"}],"curies":[{"name":"wp","href":"https:\/\/api.w.org\/{rel}","templated":true}]}}